{"id":364,"date":"2020-04-13T14:33:15","date_gmt":"2020-04-13T12:33:15","guid":{"rendered":"http:\/\/www.opus76.fr\/?page_id=364"},"modified":"2020-06-16T21:44:46","modified_gmt":"2020-06-16T19:44:46","slug":"le-repertoire","status":"publish","type":"page","link":"https:\/\/opus76.fr\/index.php\/le-repertoire\/","title":{"rendered":"Le r\u00e9pertoire"},"content":{"rendered":"[et_pb_section fb_built=\u00a0\u00bb1&Prime; admin_label=\u00a0\u00bbsection\u00a0\u00bb _builder_version=\u00a0\u00bb4.4.1&Prime; background_image=\u00a0\u00bbhttps:\/\/opus76.fr\/wp-content\/uploads\/2020\/04\/floupart.png\u00a0\u00bb custom_padding=\u00a0\u00bb3px|||||\u00a0\u00bb][et_pb_row admin_label=\u00a0\u00bbrow\u00a0\u00bb _builder_version=\u00a0\u00bb4.4.1&Prime; background_size=\u00a0\u00bbinitial\u00a0\u00bb background_position=\u00a0\u00bbtop_left\u00a0\u00bb background_repeat=\u00a0\u00bbrepeat\u00a0\u00bb][et_pb_column type=\u00a0\u00bb4_4&Prime; _builder_version=\u00a0\u00bb3.25&Prime; custom_padding=\u00a0\u00bb|||\u00a0\u00bb custom_padding__hover=\u00a0\u00bb|||\u00a0\u00bb][et_pb_text admin_label=\u00a0\u00bbText\u00a0\u00bb _builder_version=\u00a0\u00bb4.4.1&Prime; text_text_color=\u00a0\u00bb#ffffff\u00a0\u00bb text_font_size=\u00a0\u00bb23px\u00a0\u00bb text_line_height=\u00a0\u00bb0em\u00a0\u00bb background_size=\u00a0\u00bbinitial\u00a0\u00bb background_position=\u00a0\u00bbtop_left\u00a0\u00bb background_repeat=\u00a0\u00bbrepeat\u00a0\u00bb hover_enabled=\u00a0\u00bb0&Prime; inline_fonts=\u00a0\u00bbArial\u00a0\u00bb]<h1 style=\"text-align: center;\"><span style=\"font-size: x-large;\"><strong><span style=\"text-decoration: underline;\"><span style=\"color: #ffffff; font-family: Arial; text-decoration: underline;\">Extraits du r\u00e9pertoire de l&rsquo;orchestre Opus 76 :<\/span><\/span><\/strong><\/span><\/h1>\n<p><span style=\"color: #ffffff; font-size: x-large; font-family: Arial; font-weight: normal;\"><\/span><\/p>\n<p>&nbsp;<\/p>\n<p><span style=\"color: #ffffff; font-family: Arial; font-weight: normal;\"><\/span><\/p>\n<p>&nbsp;<\/p>\n<p><strong><span style=\"color: #ffffff; font-family: Arial;\"><span style=\"text-decoration: underline;\">Concertos :<\/span><\/span><\/strong><\/p>\n<p>&nbsp;<\/p>\n<p><span style=\"font-family: Arial; font-weight: normal;\"><span style=\"color: #ffffff;\">\u200b\u200b\u200b\u200b\u200b\u200b\u200b\u200b\u200b\u200b\u200b\u200b\u200b\u200b\u200b\u200b\u200b\u200b\u200b\u200b\u200b\u200b\u200b\u200b\u200b\u200b\u200b\u200b\u200bC<\/span><span style=\"color: #ffffff;\">\u200boncerto pour violon et hautbois de Bach<\/span><\/span><\/p>\n<p>&nbsp;<\/p>\n<p><span style=\"color: #ffffff; font-family: Arial; font-weight: normal;\">D\u200b\u200b\u200b\u200b\u200b\u200b\u200b\u200b\u200b\u200bouble concerto pour fl\u00fbte de Cimarosa<\/span><\/p>\n<p>&nbsp;<\/p>\n<p><span style=\"font-family: Arial; font-size: 23px;\">S\u200b\u200b\u200b\u200b\u200b\u200b\u200b\u200b\u200b\u200bymphonie concertante\u00a0 pour violon et alto de Mozart<\/span><\/p>\n<p>&nbsp;<\/p>\n<p><span style=\"font-family: Arial; font-size: 23px;\">C\u200b\u200b\u200b\u200b\u200b\u200b\u200b\u200b\u200b\u200boncerto pour violon de Beethoven<\/span><\/p>\n<p>&nbsp;<\/p>\n<p><span style=\"font-family: Arial; font-size: 23px;\">C\u200b\u200b\u200b\u200b\u200b\u200b\u200b\u200b\u200b\u200boncerto pour violoncelle de Lalo<\/span><\/p>\n<p>&nbsp;<\/p>\n<p><span style=\"font-family: Arial; font-size: 23px;\">C\u200b\u200b\u200b\u200b\u200b\u200b\u200b\u200b\u200b\u200boncerto pour piano n\u00b02 de Rachmaninov<\/span><\/p>\n<p>&nbsp;<\/p>\n<p><span style=\"font-family: Arial; font-size: 23px;\">C\u200b\u200b\u200b\u200b\u200b\u200b\u200b\u200b\u200b\u200boncerto pour orgue de Poulenc<\/span><\/p>\n<p>&nbsp;<\/p>\n<p><span style=\"font-family: Arial; font-size: 23px;\">C\u200b\u200b\u200b\u200b\u200b\u200b\u200b\u200b\u200b\u200boncerto pour trompette de Packmutova<\/span><\/p>\n<p>&nbsp;<\/p>\n<p><span style=\"font-family: Arial; font-size: 23px;\">Concerto pour fl\u00fbte et harpe de Mozart<\/span><\/p>\n<p>&nbsp;<\/p>\n<p><span style=\"font-family: Arial; font-size: 23px;\">Concerto pour violon de Glazounov<\/span><\/p>\n<p>&nbsp;<\/p>\n<p><span style=\"font-family: Arial; font-size: 23px;\">Concerto pour piano n\u00b0 4 de Beethoven<\/span><\/p>\n<p>&nbsp;<\/p>\n<p>&nbsp;<\/p>\n<p><span style=\"color: #ffffff; font-family: Arial; font-weight: normal;\"><!-- \/wp:post-content --><\/span><\/p>\n<p>&nbsp;<\/p>\n<p><strong><span style=\"text-decoration: underline;\">\u0152uvres vocales :<\/span><\/strong><span style=\"color: #ffffff; font-family: Arial; font-weight: normal;\"><!-- wp:paragraph --><\/span><\/p>\n<p>&nbsp;<\/p>\n<p><span style=\"color: #ffffff; font-family: Arial; font-weight: normal;\">D\u200b\u200b\u200b\u200b\u200b\u200b\u200b\u200b\u200b\u200bavide Penitente de Mozart<\/span><\/p>\n<p>\u00a0<span style=\"font-size: 23px;\">\u00a0<\/span><\/p>\n<p><span style=\"color: #ffffff; font-family: Arial; font-weight: normal;\">K\u200b\u200b\u200b\u200b\u200b\u200b\u200b\u200b\u200b\u200byrie de la messe en Ut de Mozart<\/span><\/p>\n<p>&nbsp;<\/p>\n<p><span style=\"font-family: Arial; font-size: 23px;\">F\u200b\u200b\u200b\u200b\u200b\u200b\u200b\u200b\u200b\u200bantaisie Chorale de Beethoven<\/span><\/p>\n<p>&nbsp;<\/p>\n<p>&nbsp;<\/p>\n<p><span style=\"font-size: 30px;\"><span style=\"text-decoration: underline;\"><span style=\"font-family: Arial;\"><\/span><\/span><\/span><\/p>\n<p><strong><span style=\"text-decoration: underline;\">Pi\u00e8ces contemporaines et commandes :<\/span><\/strong><\/p>\n<p>&nbsp;<\/p>\n<p><span style=\"color: #ffffff; font-family: Arial; font-weight: normal;\">S\u200b\u200b\u200b\u200b\u200b\u200b\u200b\u200b\u200b\u200btar Wars de John Williams<\/span><\/p>\n<p>&nbsp;<\/p>\n<p><span style=\"font-family: Arial; font-size: 23px;\">P\u200b\u200b\u200b\u200b\u200b\u200b\u200b\u200b\u200b\u200bens\u00e9es \u00e9picuriennes\u00a0 de Christophe Patrix(commande)<\/span><\/p>\n<p>&nbsp;<\/p>\n<p><span style=\"font-family: Arial; font-size: 23px;\">L\u200b\u200b\u200b\u200b\u200b\u200b\u200b\u200b\u200b\u200be cabinet du docteur Caligari\u00a0 de Christophe Patrix (commande)\u200b<\/span><\/p>\n<p>&nbsp;<\/p>\n<p><span style=\"font-family: Arial; font-size: 23px;\">B\u200b\u200b\u200b\u200b\u200b\u200b\u200b\u200b\u200b\u200bethl\u00e9em Doloris d&rsquo;Olivier Urbano\u200b<\/span><\/p>\n<p>&nbsp;<\/p>\n<p><span style=\"font-family: Arial; font-size: 23px;\">V\u200b\u200b\u200b\u200b\u200b\u200b\u200b\u200b\u200b\u200balse m\u00e9lancolique d&rsquo;Olivier Urbano\u200b<\/span><\/p>\n<p>&nbsp;<\/p>\n<p><span style=\"font-family: Arial; font-size: 23px;\">L\u200b\u200b\u200b\u200b\u200b\u200b\u200b\u200b\u200b\u200b&rsquo;Orbe du vent de Sylvain Leclerc\u00a0(commande)<\/span><\/p>\n<p><span style=\"color: #ffffff; font-family: Arial; font-weight: normal;\"><!-- wp:heading {\"level\":4} --><\/span><\/p>\n<p>&nbsp;<\/p>\n<p><strong><span style=\"text-decoration: underline;\">Pi\u00e8ce de musique de chambre :<\/span><\/strong><span style=\"color: #ffffff; font-family: Arial; font-weight: normal;\"><\/span><\/p>\n<p>&nbsp;<\/p>\n<p><span style=\"font-family: Arial; font-size: 23px;\">Q\u200b\u200b\u200b\u200b\u200b\u200b\u200b\u200b\u200b\u200buatuor am\u00e9ricain\u00a0 de Dvorak<\/span><\/p>\n<p>&nbsp;<\/p>\n<p><span style=\"font-family: Arial; font-size: 23px;\">Q\u200b\u200b\u200b\u200b\u200b\u200b\u200b\u200b\u200b\u200buintette \u00e0 vent de J\u00e9r\u00f4me Naulais<\/span><\/p>\n<p>&nbsp;<\/p>\n<p><span style=\"font-family: Arial; font-size: 23px;\">Suite Persane pour octuor \u00e0 vent de Caplet<\/span><\/p>\n<p><span style=\"color: #ffffff; font-family: Arial; font-weight: normal;\"><!-- \/wp:heading --><\/span><\/p>\n<p><span style=\"font-family: Arial; font-size: 23px;\">Suite pour cordes du Temps de Holberg de Grieg\u200b<\/span><\/p>\n<p><span style=\"color: #ffffff; font-family: Arial; font-weight: normal;\"><!-- wp:heading {\"level\":4} --><\/span><\/p>\n<p>&nbsp;<\/p>\n<p><strong><span style=\"text-decoration: underline;\">Pi\u00e8ces pour orchestre symphonique seul :<\/span><\/strong><span style=\"color: #ffffff; font-family: Arial; font-weight: normal;\"><\/span><\/p>\n<p>&nbsp;<\/p>\n<p><span style=\"font-family: Arial; font-size: 23px;\">S\u200b\u200b\u200b\u200b\u200b\u200b\u200b\u200b\u200b\u200bymphonie Linz de Mozart<\/span><\/p>\n<p>&nbsp;<\/p>\n<p><span style=\"font-family: Arial; font-size: 23px;\">S\u200b\u200b\u200b\u200b\u200b\u200b\u200b\u200b\u200bymphonie du nouveau monde de Dvorak<\/span><\/p>\n<p>&nbsp;<\/p>\n<p><span style=\"font-family: Arial; font-size: 23px;\">S\u200b\u200b\u200b\u200b\u200b\u200b\u200b\u200b\u200b\u200bymphonie n\u00b05 de Tchaikovsky<\/span><\/p>\n<p>&nbsp;<\/p>\n<p><span style=\"font-family: Arial; font-size: 23px;\">S\u200b\u200b\u200b\u200b\u200b\u200b\u200b\u200b\u200b\u200bymphonie n\u00b07 de Beethoven<\/span><\/p>\n<p>&nbsp;<\/p>\n<p><span style=\"font-family: Arial; font-size: 23px;\">S\u200b\u200b\u200b\u200b\u200b\u200b\u200b\u200b\u200b\u200bymphonie n\u00b0 4 de Brahms<\/span><\/p>\n<p>&nbsp;<\/p>\n<p><span style=\"font-family: Arial; font-size: 23px;\">O\u200b\u200b\u200b\u200b\u200b\u200b\u200b\u200b\u200b\u200buverture de la Grande P\u00e2que Russe de Rimski-Korsakov<\/span><\/p>\n<p>&nbsp;<\/p>\n<p><span style=\"font-family: Arial; font-size: 23px;\">S\u200b\u200b\u200b\u200b\u200b\u200b\u200b\u200b\u200b\u200bh\u00e9h\u00e9razade de Rimski-Korsakov<\/span><\/p>\n<p>&nbsp;<\/p>\n<p><span style=\"font-family: Arial; font-size: 23px;\">Petite Suite de Debussy<\/span><\/p>\n<p>&nbsp;<\/p>\n<p><span style=\"font-family: Arial; font-size: 23px;\">Symphonie n\u00b0 8 de Dvorak<\/span><\/p>\n<p>&nbsp;<\/p>\n<p><!-- \/wp:heading --><\/p>\n<p>&nbsp;<\/p>[\/et_pb_text][\/et_pb_column][\/et_pb_row][\/et_pb_section]","protected":false},"excerpt":{"rendered":"<p>Extraits du r\u00e9pertoire de l&rsquo;orchestre Opus 76 : &nbsp; &nbsp; Concertos : &nbsp; \u200b\u200b\u200b\u200b\u200b\u200b\u200b\u200b\u200b\u200b\u200b\u200b\u200b\u200b\u200b\u200b\u200b\u200b\u200b\u200b\u200b\u200b\u200b\u200b\u200b\u200b\u200b\u200b\u200bC\u200boncerto pour violon et hautbois de Bach &nbsp; D\u200b\u200b\u200b\u200b\u200b\u200b\u200b\u200b\u200b\u200bouble concerto pour fl\u00fbte de Cimarosa &nbsp; S\u200b\u200b\u200b\u200b\u200b\u200b\u200b\u200b\u200b\u200bymphonie concertante\u00a0 [&hellip;]<\/p>\n","protected":false},"author":13,"featured_media":0,"parent":0,"menu_order":0,"comment_status":"closed","ping_status":"closed","template":"","meta":{"_et_pb_use_builder":"on","_et_pb_old_content":"<!-- wp:heading -->\n<h2>R\u00e9pertoire de l'orchestre Opus 76<\/h2>\n<!-- \/wp:heading -->\n\n<!-- wp:paragraph -->\n<p><\/p>\n<!-- \/wp:paragraph -->\n\n<!-- wp:heading {\"level\":5} -->\n<h5>\u200bConcertos :<\/h5>\n<!-- \/wp:heading -->\n\n<!-- wp:paragraph -->\n<p>\u200b\u200b\u200b\u200b\u200b\u200b\u200b\u200b\u200b\u200b\u200b\u200b\u200b\u200b\u200b\u200b\u200b\u200b\u200b\u200b\u200b\u200b\u200b\u200b\u200b\u200b\u200b\u200b\u200b\u200b\u200b\u200b\u200b\u200b\u200b\u200b\u200b\u200b\u200b\u200b\u200bC\u200b\u200b\u200b\u200b\u200b\u200b\u200b\u200b\u200b\u200boncerto pour violon et hautbois de Bach<\/p>\n<!-- \/wp:paragraph -->\n\n<!-- wp:paragraph -->\n<p>D\u200b\u200b\u200b\u200b\u200b\u200b\u200b\u200b\u200b\u200bouble concerto pour fl\u00fbte de Cimarosa<\/p>\n<!-- \/wp:paragraph -->\n\n<!-- wp:paragraph -->\n<p>S\u200b\u200b\u200b\u200b\u200b\u200b\u200b\u200b\u200b\u200bymphonie concertante&nbsp; pour violon et alto de Mozart<\/p>\n<!-- \/wp:paragraph -->\n\n<!-- wp:paragraph -->\n<p>C\u200b\u200b\u200b\u200b\u200b\u200b\u200b\u200b\u200b\u200boncerto pour violon de Beethoven<\/p>\n<!-- \/wp:paragraph -->\n\n<!-- wp:paragraph -->\n<p>C\u200b\u200b\u200b\u200b\u200b\u200b\u200b\u200b\u200b\u200boncerto pour violoncelle de Lalo<\/p>\n<!-- \/wp:paragraph -->\n\n<!-- wp:paragraph -->\n<p>C\u200b\u200b\u200b\u200b\u200b\u200b\u200b\u200b\u200b\u200boncerto pour piano n\u00b02 de Rachmaninov<\/p>\n<!-- \/wp:paragraph -->\n\n<!-- wp:paragraph -->\n<p>C\u200b\u200b\u200b\u200b\u200b\u200b\u200b\u200b\u200b\u200boncerto pour orgue de Poulenc<\/p>\n<!-- \/wp:paragraph -->\n\n<!-- wp:paragraph -->\n<p>C\u200b\u200b\u200b\u200b\u200b\u200b\u200b\u200b\u200b\u200boncerto pour trompette de Packmutova<\/p>\n<!-- \/wp:paragraph -->\n\n<!-- wp:paragraph -->\n<p>Concerto pour fl\u00fbte et harpe de Mozart<\/p>\n<!-- \/wp:paragraph -->\n\n<!-- wp:paragraph -->\n<p>Concerto pour violon de Glazounov<\/p>\n<!-- \/wp:paragraph -->\n\n<!-- wp:paragraph -->\n<p>Concerto pour piano n\u00b0 4 de Beethoven<\/p>\n<!-- \/wp:paragraph -->\n\n<!-- wp:heading {\"level\":4} -->\n<h4>\u0152uvres vocales :<\/h4>\n<!-- \/wp:heading -->\n\n<!-- wp:paragraph -->\n<p>D\u200b\u200b\u200b\u200b\u200b\u200b\u200b\u200b\u200b\u200bavide Penitente de Mozart<\/p>\n<!-- \/wp:paragraph -->\n\n<!-- wp:paragraph -->\n<p>K\u200b\u200b\u200b\u200b\u200b\u200b\u200b\u200b\u200b\u200byrie de la messe en Ut de Mozart<\/p>\n<!-- \/wp:paragraph -->\n\n<!-- wp:paragraph -->\n<p>F\u200b\u200b\u200b\u200b\u200b\u200b\u200b\u200b\u200b\u200bantaisie Chorale de Beethoven<br><br>&nbsp;<\/p>\n<!-- \/wp:paragraph -->\n\n<!-- wp:heading {\"level\":4} -->\n<h4>Pi\u00e8ces contemporaines et commandes :<\/h4>\n<!-- \/wp:heading -->\n\n<!-- wp:paragraph -->\n<p>S\u200b\u200b\u200b\u200b\u200b\u200b\u200b\u200b\u200b\u200btar Wars de John Williams<\/p>\n<!-- \/wp:paragraph -->\n\n<!-- wp:paragraph -->\n<p>P\u200b\u200b\u200b\u200b\u200b\u200b\u200b\u200b\u200b\u200bens\u00e9es \u00e9picuriennes&nbsp; de Christophe Patrix(commande)<\/p>\n<!-- \/wp:paragraph -->\n\n<!-- wp:paragraph -->\n<p>L\u200b\u200b\u200b\u200b\u200b\u200b\u200b\u200b\u200b\u200be cabinet du docteur Caligari&nbsp; de Christophe Patrix (commande)\u200b<\/p>\n<!-- \/wp:paragraph -->\n\n<!-- wp:paragraph -->\n<p>B\u200b\u200b\u200b\u200b\u200b\u200b\u200b\u200b\u200b\u200bethl\u00e9em Doloris d'Olivier Urbano\u200b<\/p>\n<!-- \/wp:paragraph -->\n\n<!-- wp:paragraph -->\n<p>V\u200b\u200b\u200b\u200b\u200b\u200b\u200b\u200b\u200b\u200balse m\u00e9lancolique d'Olivier Urbano\u200b<\/p>\n<!-- \/wp:paragraph -->\n\n<!-- wp:paragraph -->\n<p>L\u200b\u200b\u200b\u200b\u200b\u200b\u200b\u200b\u200b\u200b'Orbe du vent de Sylvain Leclerc&nbsp;(commande)<br>&nbsp;<\/p>\n<!-- \/wp:paragraph -->\n\n<!-- wp:paragraph -->\n<p>&nbsp;\u200b\u200b\u200b\u200b\u200b\u200b\u200b\u200b<\/p>\n<!-- \/wp:paragraph -->\n\n<!-- wp:heading {\"level\":4} -->\n<h4>Pi\u00e8ces de musique de chambre :<\/h4>\n<!-- \/wp:heading -->\n\n<!-- wp:paragraph -->\n<p>Q\u200b\u200b\u200b\u200b\u200b\u200b\u200b\u200b\u200b\u200buatuor am\u00e9ricain&nbsp; de Dvorak<\/p>\n<!-- \/wp:paragraph -->\n\n<!-- wp:paragraph -->\n<p>Q\u200b\u200b\u200b\u200b\u200b\u200b\u200b\u200b\u200b\u200buintette \u00e0 vent de J\u00e9r\u00f4me Naulais<\/p>\n<!-- \/wp:paragraph -->\n\n<!-- wp:paragraph -->\n<p>Suite Persane pour octuor \u00e0 vent de Caplet<\/p>\n<!-- \/wp:paragraph -->\n\n<!-- wp:paragraph -->\n<p>Suite pour cordes du Temps de Holberg de Grieg\u200b<\/p>\n<!-- \/wp:paragraph -->\n\n<!-- wp:heading {\"level\":4} -->\n<h4>Pi\u00e8ces pour orchestre symphonique seul&nbsp;:<\/h4>\n<!-- \/wp:heading -->\n\n<!-- wp:paragraph -->\n<p>S\u200b\u200b\u200b\u200b\u200b\u200b\u200b\u200b\u200b\u200bymphonie Linz de Mozart<\/p>\n<!-- \/wp:paragraph -->\n\n<!-- wp:paragraph -->\n<p>S\u200b\u200b\u200b\u200b\u200b\u200b\u200b\u200b\u200b\u200bymphonie du nouveau monde de Dvorak<\/p>\n<!-- \/wp:paragraph -->\n\n<!-- wp:paragraph -->\n<p>S\u200b\u200b\u200b\u200b\u200b\u200b\u200b\u200b\u200b\u200bymphonie n\u00b05 de Tchaikovsky<\/p>\n<!-- \/wp:paragraph -->\n\n<!-- wp:paragraph -->\n<p>S\u200b\u200b\u200b\u200b\u200b\u200b\u200b\u200b\u200b\u200bymphonie n\u00b07 de Beethoven<\/p>\n<!-- \/wp:paragraph -->\n\n<!-- wp:paragraph -->\n<p>S\u200b\u200b\u200b\u200b\u200b\u200b\u200b\u200b\u200b\u200bymphonie n\u00b0 4 de Brahms<\/p>\n<!-- \/wp:paragraph -->\n\n<!-- wp:paragraph -->\n<p>O\u200b\u200b\u200b\u200b\u200b\u200b\u200b\u200b\u200b\u200buverture de la Grande P\u00e2que Russe de Rimski-Korsakov<\/p>\n<!-- \/wp:paragraph -->\n\n<!-- wp:paragraph -->\n<p>S\u200b\u200b\u200b\u200b\u200b\u200b\u200b\u200b\u200b\u200bh\u00e9h\u00e9razade de Rimski-Korsakov<\/p>\n<!-- \/wp:paragraph -->\n\n<!-- wp:paragraph -->\n<p>Petite Suite de Debussy<\/p>\n<!-- \/wp:paragraph -->\n\n<!-- wp:paragraph -->\n<p>Symphonie n\u00b0 8 de Dvorak<\/p>\n<!-- \/wp:paragraph -->","_et_gb_content_width":"","footnotes":""},"class_list":["post-364","page","type-page","status-publish","hentry"],"yoast_head":"<!-- This site is optimized with the Yoast SEO plugin v27.2 - https:\/\/yoast.com\/product\/yoast-seo-wordpress\/ -->\n<title>Le r\u00e9pertoire &#8211; Opus76<\/title>\n<meta name=\"robots\" content=\"index, follow, max-snippet:-1, max-image-preview:large, max-video-preview:-1\" \/>\n<link rel=\"canonical\" href=\"https:\/\/opus76.fr\/index.php\/le-repertoire\/\" \/>\n<meta property=\"og:locale\" content=\"fr_FR\" \/>\n<meta property=\"og:type\" content=\"article\" \/>\n<meta property=\"og:title\" content=\"Le r\u00e9pertoire &#8211; Opus76\" \/>\n<meta property=\"og:description\" content=\"Extraits du r\u00e9pertoire de l&#039;orchestre Opus 76 : &nbsp; &nbsp; Concertos : &nbsp; \u200b\u200b\u200b\u200b\u200b\u200b\u200b\u200b\u200b\u200b\u200b\u200b\u200b\u200b\u200b\u200b\u200b\u200b\u200b\u200b\u200b\u200b\u200b\u200b\u200b\u200b\u200b\u200b\u200bC\u200boncerto pour violon et hautbois de Bach &nbsp; D\u200b\u200b\u200b\u200b\u200b\u200b\u200b\u200b\u200b\u200bouble concerto pour fl\u00fbte de Cimarosa &nbsp; S\u200b\u200b\u200b\u200b\u200b\u200b\u200b\u200b\u200b\u200bymphonie concertante\u00a0 [&hellip;]\" \/>\n<meta property=\"og:url\" content=\"https:\/\/opus76.fr\/index.php\/le-repertoire\/\" \/>\n<meta property=\"og:site_name\" content=\"Opus76\" \/>\n<meta property=\"article:publisher\" content=\"https:\/\/fr-fr.facebook.com\/orchestreopus76\/\" \/>\n<meta property=\"article:modified_time\" content=\"2020-06-16T19:44:46+00:00\" \/>\n<meta name=\"twitter:card\" content=\"summary_large_image\" \/>\n<meta name=\"twitter:label1\" content=\"Dur\u00e9e de lecture estim\u00e9e\" \/>\n\t<meta name=\"twitter:data1\" content=\"2 minutes\" \/>\n<script type=\"application\/ld+json\" class=\"yoast-schema-graph\">{\"@context\":\"https:\/\/schema.org\",\"@graph\":[{\"@type\":\"WebPage\",\"@id\":\"https:\/\/opus76.fr\/index.php\/le-repertoire\/\",\"url\":\"https:\/\/opus76.fr\/index.php\/le-repertoire\/\",\"name\":\"Le r\u00e9pertoire &#8211; Opus76\",\"isPartOf\":{\"@id\":\"https:\/\/opus76.fr\/#website\"},\"datePublished\":\"2020-04-13T12:33:15+00:00\",\"dateModified\":\"2020-06-16T19:44:46+00:00\",\"breadcrumb\":{\"@id\":\"https:\/\/opus76.fr\/index.php\/le-repertoire\/#breadcrumb\"},\"inLanguage\":\"fr-FR\",\"potentialAction\":[{\"@type\":\"ReadAction\",\"target\":[\"https:\/\/opus76.fr\/index.php\/le-repertoire\/\"]}]},{\"@type\":\"BreadcrumbList\",\"@id\":\"https:\/\/opus76.fr\/index.php\/le-repertoire\/#breadcrumb\",\"itemListElement\":[{\"@type\":\"ListItem\",\"position\":1,\"name\":\"Accueil\",\"item\":\"https:\/\/opus76.fr\/\"},{\"@type\":\"ListItem\",\"position\":2,\"name\":\"Le r\u00e9pertoire\"}]},{\"@type\":\"WebSite\",\"@id\":\"https:\/\/opus76.fr\/#website\",\"url\":\"https:\/\/opus76.fr\/\",\"name\":\"Opus76\",\"description\":\"Orchestre Opus76\",\"publisher\":{\"@id\":\"https:\/\/opus76.fr\/#organization\"},\"potentialAction\":[{\"@type\":\"SearchAction\",\"target\":{\"@type\":\"EntryPoint\",\"urlTemplate\":\"https:\/\/opus76.fr\/?s={search_term_string}\"},\"query-input\":{\"@type\":\"PropertyValueSpecification\",\"valueRequired\":true,\"valueName\":\"search_term_string\"}}],\"inLanguage\":\"fr-FR\"},{\"@type\":\"Organization\",\"@id\":\"https:\/\/opus76.fr\/#organization\",\"name\":\"Opus76\",\"url\":\"https:\/\/opus76.fr\/\",\"logo\":{\"@type\":\"ImageObject\",\"inLanguage\":\"fr-FR\",\"@id\":\"https:\/\/opus76.fr\/#\/schema\/logo\/image\/\",\"url\":\"https:\/\/opus76.fr\/wp-content\/uploads\/2020\/04\/6d92a5_be1233b51c6b4b85602fc07cd2ff4082.jpg\",\"contentUrl\":\"https:\/\/opus76.fr\/wp-content\/uploads\/2020\/04\/6d92a5_be1233b51c6b4b85602fc07cd2ff4082.jpg\",\"width\":1718,\"height\":1330,\"caption\":\"Opus76\"},\"image\":{\"@id\":\"https:\/\/opus76.fr\/#\/schema\/logo\/image\/\"},\"sameAs\":[\"https:\/\/fr-fr.facebook.com\/orchestreopus76\/\",\"https:\/\/www.instagram.com\/orchestreopus76\/\",\"https:\/\/www.youtube.com\/user\/OrchestreOpus76\"]}]}<\/script>\n<!-- \/ Yoast SEO plugin. -->","yoast_head_json":{"title":"Le r\u00e9pertoire &#8211; Opus76","robots":{"index":"index","follow":"follow","max-snippet":"max-snippet:-1","max-image-preview":"max-image-preview:large","max-video-preview":"max-video-preview:-1"},"canonical":"https:\/\/opus76.fr\/index.php\/le-repertoire\/","og_locale":"fr_FR","og_type":"article","og_title":"Le r\u00e9pertoire &#8211; Opus76","og_description":"Extraits du r\u00e9pertoire de l'orchestre Opus 76 : &nbsp; &nbsp; Concertos : &nbsp; \u200b\u200b\u200b\u200b\u200b\u200b\u200b\u200b\u200b\u200b\u200b\u200b\u200b\u200b\u200b\u200b\u200b\u200b\u200b\u200b\u200b\u200b\u200b\u200b\u200b\u200b\u200b\u200b\u200bC\u200boncerto pour violon et hautbois de Bach &nbsp; D\u200b\u200b\u200b\u200b\u200b\u200b\u200b\u200b\u200b\u200bouble concerto pour fl\u00fbte de Cimarosa &nbsp; S\u200b\u200b\u200b\u200b\u200b\u200b\u200b\u200b\u200b\u200bymphonie concertante\u00a0 [&hellip;]","og_url":"https:\/\/opus76.fr\/index.php\/le-repertoire\/","og_site_name":"Opus76","article_publisher":"https:\/\/fr-fr.facebook.com\/orchestreopus76\/","article_modified_time":"2020-06-16T19:44:46+00:00","twitter_card":"summary_large_image","twitter_misc":{"Dur\u00e9e de lecture estim\u00e9e":"2 minutes"},"schema":{"@context":"https:\/\/schema.org","@graph":[{"@type":"WebPage","@id":"https:\/\/opus76.fr\/index.php\/le-repertoire\/","url":"https:\/\/opus76.fr\/index.php\/le-repertoire\/","name":"Le r\u00e9pertoire &#8211; Opus76","isPartOf":{"@id":"https:\/\/opus76.fr\/#website"},"datePublished":"2020-04-13T12:33:15+00:00","dateModified":"2020-06-16T19:44:46+00:00","breadcrumb":{"@id":"https:\/\/opus76.fr\/index.php\/le-repertoire\/#breadcrumb"},"inLanguage":"fr-FR","potentialAction":[{"@type":"ReadAction","target":["https:\/\/opus76.fr\/index.php\/le-repertoire\/"]}]},{"@type":"BreadcrumbList","@id":"https:\/\/opus76.fr\/index.php\/le-repertoire\/#breadcrumb","itemListElement":[{"@type":"ListItem","position":1,"name":"Accueil","item":"https:\/\/opus76.fr\/"},{"@type":"ListItem","position":2,"name":"Le r\u00e9pertoire"}]},{"@type":"WebSite","@id":"https:\/\/opus76.fr\/#website","url":"https:\/\/opus76.fr\/","name":"Opus76","description":"Orchestre Opus76","publisher":{"@id":"https:\/\/opus76.fr\/#organization"},"potentialAction":[{"@type":"SearchAction","target":{"@type":"EntryPoint","urlTemplate":"https:\/\/opus76.fr\/?s={search_term_string}"},"query-input":{"@type":"PropertyValueSpecification","valueRequired":true,"valueName":"search_term_string"}}],"inLanguage":"fr-FR"},{"@type":"Organization","@id":"https:\/\/opus76.fr\/#organization","name":"Opus76","url":"https:\/\/opus76.fr\/","logo":{"@type":"ImageObject","inLanguage":"fr-FR","@id":"https:\/\/opus76.fr\/#\/schema\/logo\/image\/","url":"https:\/\/opus76.fr\/wp-content\/uploads\/2020\/04\/6d92a5_be1233b51c6b4b85602fc07cd2ff4082.jpg","contentUrl":"https:\/\/opus76.fr\/wp-content\/uploads\/2020\/04\/6d92a5_be1233b51c6b4b85602fc07cd2ff4082.jpg","width":1718,"height":1330,"caption":"Opus76"},"image":{"@id":"https:\/\/opus76.fr\/#\/schema\/logo\/image\/"},"sameAs":["https:\/\/fr-fr.facebook.com\/orchestreopus76\/","https:\/\/www.instagram.com\/orchestreopus76\/","https:\/\/www.youtube.com\/user\/OrchestreOpus76"]}]}},"_links":{"self":[{"href":"https:\/\/opus76.fr\/index.php\/wp-json\/wp\/v2\/pages\/364","targetHints":{"allow":["GET"]}}],"collection":[{"href":"https:\/\/opus76.fr\/index.php\/wp-json\/wp\/v2\/pages"}],"about":[{"href":"https:\/\/opus76.fr\/index.php\/wp-json\/wp\/v2\/types\/page"}],"author":[{"embeddable":true,"href":"https:\/\/opus76.fr\/index.php\/wp-json\/wp\/v2\/users\/13"}],"replies":[{"embeddable":true,"href":"https:\/\/opus76.fr\/index.php\/wp-json\/wp\/v2\/comments?post=364"}],"version-history":[{"count":10,"href":"https:\/\/opus76.fr\/index.php\/wp-json\/wp\/v2\/pages\/364\/revisions"}],"predecessor-version":[{"id":552,"href":"https:\/\/opus76.fr\/index.php\/wp-json\/wp\/v2\/pages\/364\/revisions\/552"}],"wp:attachment":[{"href":"https:\/\/opus76.fr\/index.php\/wp-json\/wp\/v2\/media?parent=364"}],"curies":[{"name":"wp","href":"https:\/\/api.w.org\/{rel}","templated":true}]}}